{"id":1184,"date":"2026-05-30T14:23:06","date_gmt":"2026-05-30T12:23:06","guid":{"rendered":"https:\/\/www.terra-tres.de\/?page_id=1184"},"modified":"2026-05-31T01:23:48","modified_gmt":"2026-05-30T23:23:48","slug":"warum-gruene-a","status":"publish","type":"page","link":"https:\/\/www.terra-tres.de\/?page_id=1184","title":{"rendered":"Warum gr\u00fcne A?"},"content":{"rendered":"<h3>Warum gr\u00fcne A?<\/h3>\n<p class=\"isSelectedEnd\">Das gr\u00fcne A verbindet zwei Ideen, die uns wichtig sind: die Freiheit, Dinge selbst in die Hand zu nehmen, und den respektvollen Umgang mit der Natur und unseren Mitmenschen.<\/p>\n<p class=\"isSelectedEnd\">Wir glauben, dass Menschen ihr Umfeld gemeinsam gestalten k\u00f6nnen \u2013 freiwillig, solidarisch und ohne unn\u00f6tige Vorgaben. Dabei stehen Eigenverantwortung, gegenseitige Unterst\u00fctzung und der Austausch von Wissen f\u00fcr uns im Mittelpunkt.<\/p>\n<p class=\"isSelectedEnd\">Das Gr\u00fcn steht f\u00fcr unsere Verbundenheit mit der Natur. Es erinnert uns daran, sorgsam mit Ressourcen umzugehen, Lebensr\u00e4ume zu erhalten und nachhaltige Wege f\u00fcr die Zukunft zu finden. Ob im Garten, in der Nachbarschaft oder bei gemeinsamen Projekten: Ver\u00e4nderungen beginnen oft im Kleinen.<\/p>\n<p class=\"isSelectedEnd\">Wir m\u00f6chten zeigen, dass Gemeinschaft nicht von oben organisiert werden muss, sondern dort entsteht, wo Menschen zusammenkommen, Verantwortung \u00fcbernehmen und f\u00fcreinander da sind.<\/p>\n<p>Das gr\u00fcne A ist f\u00fcr uns deshalb ein Symbol f\u00fcr Selbstbestimmung, Solidarit\u00e4t und ein Leben im Einklang mit der Natur. \ud83c\udf31<\/p>\n","protected":false},"excerpt":{"rendered":"<p>Warum gr\u00fcne A? Das gr\u00fcne A verbindet zwei Ideen, die uns wichtig sind: die Freiheit, Dinge selbst in die Hand zu nehmen, und den respektvollen Umgang mit der Natur und&#8230;<\/p>\n","protected":false},"author":1,"featured_media":0,"parent":0,"menu_order":0,"comment_status":"closed","ping_status":"closed","template":"","meta":{"footnotes":""},"class_list":["post-1184","page","type-page","status-publish"],"yoast_head":"<!-- This site is optimized with the Yoast SEO plugin v27.9 - https:\/\/yoast.com\/product\/yoast-seo-wordpress\/ -->\n<title>Warum gr\u00fcne A? - Terra Tres<\/title>\n<meta name=\"robots\" content=\"index, follow, max-snippet:-1, max-image-preview:large, max-video-preview:-1\" \/>\n<link rel=\"canonical\" href=\"https:\/\/www.terra-tres.de\/?page_id=1184\" \/>\n<meta property=\"og:locale\" content=\"de_DE\" \/>\n<meta property=\"og:type\" content=\"article\" \/>\n<meta property=\"og:title\" content=\"Warum gr\u00fcne A? - Terra Tres\" \/>\n<meta property=\"og:description\" content=\"Warum gr\u00fcne A? Das gr\u00fcne A verbindet zwei Ideen, die uns wichtig sind: die Freiheit, Dinge selbst in die Hand zu nehmen, und den respektvollen Umgang mit der Natur und...\" \/>\n<meta property=\"og:url\" content=\"https:\/\/www.terra-tres.de\/?page_id=1184\" \/>\n<meta property=\"og:site_name\" content=\"Terra Tres\" \/>\n<meta property=\"article:modified_time\" content=\"2026-05-30T23:23:48+00:00\" \/>\n<meta name=\"twitter:card\" content=\"summary_large_image\" \/>\n<meta name=\"twitter:label1\" content=\"Gesch\u00e4tzte Lesezeit\" \/>\n\t<meta name=\"twitter:data1\" content=\"1\u00a0Minute\" \/>\n<script type=\"application\/ld+json\" class=\"yoast-schema-graph\">{\"@context\":\"https:\\\/\\\/schema.org\",\"@graph\":[{\"@type\":\"WebPage\",\"@id\":\"https:\\\/\\\/www.terra-tres.de\\\/?page_id=1184\",\"url\":\"https:\\\/\\\/www.terra-tres.de\\\/?page_id=1184\",\"name\":\"Warum gr\u00fcne A? - Terra Tres\",\"isPartOf\":{\"@id\":\"https:\\\/\\\/www.terra-tres.de\\\/#website\"},\"datePublished\":\"2026-05-30T12:23:06+00:00\",\"dateModified\":\"2026-05-30T23:23:48+00:00\",\"breadcrumb\":{\"@id\":\"https:\\\/\\\/www.terra-tres.de\\\/?page_id=1184#breadcrumb\"},\"inLanguage\":\"de\",\"potentialAction\":[{\"@type\":\"ReadAction\",\"target\":[\"https:\\\/\\\/www.terra-tres.de\\\/?page_id=1184\"]}]},{\"@type\":\"BreadcrumbList\",\"@id\":\"https:\\\/\\\/www.terra-tres.de\\\/?page_id=1184#breadcrumb\",\"itemListElement\":[{\"@type\":\"ListItem\",\"position\":1,\"name\":\"Start\",\"item\":\"https:\\\/\\\/www.terra-tres.de\\\/\"},{\"@type\":\"ListItem\",\"position\":2,\"name\":\"Warum gr\u00fcne A?\"}]},{\"@type\":\"WebSite\",\"@id\":\"https:\\\/\\\/www.terra-tres.de\\\/#website\",\"url\":\"https:\\\/\\\/www.terra-tres.de\\\/\",\"name\":\"Terra Tres\",\"description\":\"\u2013 Mehr als nur ein Gem\u00fcsegarten\",\"potentialAction\":[{\"@type\":\"SearchAction\",\"target\":{\"@type\":\"EntryPoint\",\"urlTemplate\":\"https:\\\/\\\/www.terra-tres.de\\\/?s={search_term_string}\"},\"query-input\":{\"@type\":\"PropertyValueSpecification\",\"valueRequired\":true,\"valueName\":\"search_term_string\"}}],\"inLanguage\":\"de\"}]}<\/script>\n<!-- \/ Yoast SEO plugin. -->","yoast_head_json":{"title":"Warum gr\u00fcne A? - Terra Tres","robots":{"index":"index","follow":"follow","max-snippet":"max-snippet:-1","max-image-preview":"max-image-preview:large","max-video-preview":"max-video-preview:-1"},"canonical":"https:\/\/www.terra-tres.de\/?page_id=1184","og_locale":"de_DE","og_type":"article","og_title":"Warum gr\u00fcne A? - Terra Tres","og_description":"Warum gr\u00fcne A? Das gr\u00fcne A verbindet zwei Ideen, die uns wichtig sind: die Freiheit, Dinge selbst in die Hand zu nehmen, und den respektvollen Umgang mit der Natur und...","og_url":"https:\/\/www.terra-tres.de\/?page_id=1184","og_site_name":"Terra Tres","article_modified_time":"2026-05-30T23:23:48+00:00","twitter_card":"summary_large_image","twitter_misc":{"Gesch\u00e4tzte Lesezeit":"1\u00a0Minute"},"schema":{"@context":"https:\/\/schema.org","@graph":[{"@type":"WebPage","@id":"https:\/\/www.terra-tres.de\/?page_id=1184","url":"https:\/\/www.terra-tres.de\/?page_id=1184","name":"Warum gr\u00fcne A? - Terra Tres","isPartOf":{"@id":"https:\/\/www.terra-tres.de\/#website"},"datePublished":"2026-05-30T12:23:06+00:00","dateModified":"2026-05-30T23:23:48+00:00","breadcrumb":{"@id":"https:\/\/www.terra-tres.de\/?page_id=1184#breadcrumb"},"inLanguage":"de","potentialAction":[{"@type":"ReadAction","target":["https:\/\/www.terra-tres.de\/?page_id=1184"]}]},{"@type":"BreadcrumbList","@id":"https:\/\/www.terra-tres.de\/?page_id=1184#breadcrumb","itemListElement":[{"@type":"ListItem","position":1,"name":"Start","item":"https:\/\/www.terra-tres.de\/"},{"@type":"ListItem","position":2,"name":"Warum gr\u00fcne A?"}]},{"@type":"WebSite","@id":"https:\/\/www.terra-tres.de\/#website","url":"https:\/\/www.terra-tres.de\/","name":"Terra Tres","description":"\u2013 Mehr als nur ein Gem\u00fcsegarten","potentialAction":[{"@type":"SearchAction","target":{"@type":"EntryPoint","urlTemplate":"https:\/\/www.terra-tres.de\/?s={search_term_string}"},"query-input":{"@type":"PropertyValueSpecification","valueRequired":true,"valueName":"search_term_string"}}],"inLanguage":"de"}]}},"_links":{"self":[{"href":"https:\/\/www.terra-tres.de\/index.php?rest_route=\/wp\/v2\/pages\/1184","targetHints":{"allow":["GET"]}}],"collection":[{"href":"https:\/\/www.terra-tres.de\/index.php?rest_route=\/wp\/v2\/pages"}],"about":[{"href":"https:\/\/www.terra-tres.de\/index.php?rest_route=\/wp\/v2\/types\/page"}],"author":[{"embeddable":true,"href":"https:\/\/www.terra-tres.de\/index.php?rest_route=\/wp\/v2\/users\/1"}],"replies":[{"embeddable":true,"href":"https:\/\/www.terra-tres.de\/index.php?rest_route=%2Fwp%2Fv2%2Fcomments&post=1184"}],"version-history":[{"count":2,"href":"https:\/\/www.terra-tres.de\/index.php?rest_route=\/wp\/v2\/pages\/1184\/revisions"}],"predecessor-version":[{"id":1191,"href":"https:\/\/www.terra-tres.de\/index.php?rest_route=\/wp\/v2\/pages\/1184\/revisions\/1191"}],"wp:attachment":[{"href":"https:\/\/www.terra-tres.de\/index.php?rest_route=%2Fwp%2Fv2%2Fmedia&parent=1184"}],"curies":[{"name":"wp","href":"https:\/\/api.w.org\/{rel}","templated":true}]}}